{"id":84,"date":"2016-11-17T18:02:06","date_gmt":"2016-11-17T18:02:06","guid":{"rendered":"https:\/\/www.farmaindustria.es\/adherencia\/?page_id=84"},"modified":"2016-11-28T17:14:30","modified_gmt":"2016-11-28T16:14:30","slug":"impulsores","status":"publish","type":"page","link":"https:\/\/www.farmaindustria.es\/adherencia\/impulsores\/","title":{"rendered":"Impulsores"},"content":{"rendered":"<h1 id=\"comite-impulsor\">Comit\u00e9 impulsor<\/h1>\n<p>Integrado por las Sociedades Cient\u00edficas y Asociaciones de Pacientes siguientes:<\/p>\n<h2>Sociedades Cient\u00edficas sanitarias<\/h2>\n<h3>MEDICINA<\/h3>\n<p>Sociedad Espa\u00f1ola de Cardiolog\u00eda (SEC)<br \/>\nSociedad Espa\u00f1ola de Diabetes (SED)<br \/>\nSociedad Espa\u00f1ola de Farmacolog\u00eda Cl\u00ednica (SEFC)<br \/>\nSociedad Espa\u00f1ola de Geriatr\u00eda y Gerontolog\u00eda (SEGG)<br \/>\nSociedad Espa\u00f1ola de M\u00e9dicos de Atenci\u00f3n Primaria (SEMERGEN)<br \/>\nSociedad Espa\u00f1ola de Medicina de Familia y Comunitaria (semFYC)<br \/>\nSociedad Espa\u00f1ola de M\u00e9dicos Generales y de Familia (SEMG)<br \/>\nSociedad Espa\u00f1ola de Medicina Interna (SEMI)<br \/>\nSociedad Espa\u00f1ola de Neurolog\u00eda (SEN)<br \/>\nSociedad Espa\u00f1ola de Psiquiatr\u00eda (SEP)<br \/>\nSociedad Espa\u00f1ola de Reumatolog\u00eda (SER)<\/p>\n<h3>ENFERMER\u00cdA<\/h3>\n<p>Federaci\u00f3n de Asociaciones de Enfermer\u00eda Comunitaria y Atenci\u00f3n Primaria (FAECAP)<\/p>\n<h3>FARMACIA<\/h3>\n<p>Sociedad Espa\u00f1ola de Farmac\u00e9uticos de Atenci\u00f3n Primaria (SEFAP)<br \/>\nSociedad Espa\u00f1ola de Farmacia Familiar y Comunitaria (SEFAC)<br \/>\nSociedad Espa\u00f1ola de Farmacia Hospitalaria (SEFH)<\/p>\n<h3>OTRAS ORGANIZACIONES CIENT\u00cdFICO-M\u00c9DICAS<\/h3>\n<p>Observatorio de Adherencia al Tratamiento<br \/>\nFederaci\u00f3n de Asociaciones Cient\u00edfico M\u00e9dicas Espa\u00f1olas (FACME)<\/p>\n<p>&nbsp;<\/p>\n<h2>Asociaciones de Pacientes<\/h2>\n<p>Plataforma de Organizaciones de Pacientes<br \/>\nForo Espa\u00f1ol de Pacientes<br \/>\nFundaci\u00f3n Edad y Vida<\/p>\n<p>&nbsp;<\/p>\n<h1 id=\"organo-consultivo\">\u00d3rgano consultivo<\/h1>\n<p>Integrado por los siguientes profesionales y expertos:<\/p>\n<div class=\"row listado-comites\">\n<div class=\"col-md-4 col-lg-3 col-height\">\n<p><strong>Juan Jos\u00e9 Jurado Balbuena<\/strong><\/p>\n<p>Enfermero, miembro del Grupo Nacional de Seguridad del Paciente de la Sociedad de Medicina Familiar y Comunitaria.<\/p>\n<\/div>\n<div class=\"col-md-4 col-lg-3 col-height\">\n<p><strong>Pedro Conthe Gutierrez<\/strong><\/p>\n<p>M\u00e9dico, ex presidente de la SEMI, Secretario General de la Federaci\u00f3n Europea de Medicina Interna, miembro de la SEC y de la SED.<\/p>\n<\/div>\n<div class=\"col-md-4 col-lg-3 col-height\">\n<p><strong>Vicente Gil Guillen<\/strong><\/p>\n<p>M\u00e9dico, profesor titular de la Universidad Miguel Hernandez, \u00e1rea de medicina.<\/p>\n<\/div>\n<div class=\"col-md-4 col-lg-3 col-height\">\n<p><strong>Jos\u00e9 Mar\u00eda Hern\u00e1ndez Anguera<\/strong><\/p>\n<p>M\u00e9dico, miembro de la SED, SEMFYC, experto en motivaci\u00f3n.<\/p>\n<\/div>\n<div class=\"col-md-4 col-lg-3 col-height\">\n<p><strong>Luis Manzano Espinosa<\/strong><\/p>\n<p>M\u00e9dico, Profesor Titular de Medicina de la Universidad de Alcal\u00e1 \u00a0y Director del Centro de Apoyo a la Docencia en Ciencias de la Salud de la UAH.<\/p>\n<\/div>\n<div class=\"col-md-4 col-lg-3 col-height\">\n<p><strong>Mar\u00eda Dolores Murillo Fern\u00e1ndez<\/strong><\/p>\n<p>Farmac\u00e9utica comunitaria, vicepresidenta de SEFAC.<\/p>\n<\/div>\n<div class=\"col-md-4 col-lg-3 col-height\">\n<p><strong>Jaume Puig-Junoy<\/strong><\/p>\n<p>Economista, Profesor Titular del Departamento de Econom\u00eda y Empresa de la Universitat Pompeu Fabra.<\/p>\n<\/div>\n<div class=\"col-md-4 col-lg-3 col-height\">\n<p><strong>Francisco Zaragoz\u00e1<\/strong><\/p>\n<p>Farmac\u00e9utico, Director del Departamento de Ciencias Biom\u00e9dicas. Catedr\u00e1tico de Universidad de Alcal\u00e1 de Henares.<\/p>\n<\/div>\n<div class=\"col-md-4 col-lg-3 col-height\">\n<p><strong>Mar\u00eda Dolores Navarro<\/strong><\/p>\n<p>Directora del Instituto Albert J. Jovell de Salud P\u00fablica y Pacientes, UIC, y asesora del Foro Espa\u00f1ol de Pacientes<\/p>\n<\/div>\n<div class=\"col-md-4 col-lg-3 col-height\">\n<p><strong>Mar\u00eda G\u00e1lvez Sierra<\/strong><\/p>\n<p>Directora de la Plataforma de Organizaciones de Pacientes.<\/p>\n<\/div>\n<div class=\"col-md-4 col-lg-3 col-height\">\n<p><strong>M\u00aa Jos\u00e9 Otero L\u00f3pez<\/strong><\/p>\n<p>Farmace\u00fatica. Directora del Instituto para el Uso Seguro de los Medicamentos (ISMP-Espa\u00f1a). Hospital Universitario de Salamanca-IBSAL<\/p>\n<\/div>\n<\/div>\n","protected":false},"excerpt":{"rendered":"<p>Comit\u00e9 impulsor Integrado por las Sociedades Cient\u00edficas y Asociaciones de Pacientes siguientes: Sociedades Cient\u00edficas sanitarias MEDICINA Sociedad Espa\u00f1ola de Cardiolog\u00eda (SEC) Sociedad Espa\u00f1ola de Diabetes (SED) Sociedad Espa\u00f1ola de Farmacolog\u00eda Cl\u00ednica (SEFC) Sociedad Espa\u00f1ola de Geriatr\u00eda y Gerontolog\u00eda (SEGG) Sociedad Espa\u00f1ola de M\u00e9dicos de Atenci\u00f3n Primaria (SEMERGEN) Sociedad Espa\u00f1ola de Medicina de Familia y Comunitaria  <a href=\"https:\/\/www.farmaindustria.es\/adherencia\/impulsores\/\" class=\"read-more\">&hellip;<\/a><\/p>\n","protected":false},"author":1,"featured_media":0,"parent":0,"menu_order":0,"comment_status":"closed","ping_status":"closed","template":"","meta":{"_acf_changed":false,"footnotes":""},"class_list":["post-84","page","type-page","status-publish","hentry"],"acf":[],"_links":{"self":[{"href":"https:\/\/www.farmaindustria.es\/adherencia\/wp-json\/wp\/v2\/pages\/84","targetHints":{"allow":["GET"]}}],"collection":[{"href":"https:\/\/www.farmaindustria.es\/adherencia\/wp-json\/wp\/v2\/pages"}],"about":[{"href":"https:\/\/www.farmaindustria.es\/adherencia\/wp-json\/wp\/v2\/types\/page"}],"author":[{"embeddable":true,"href":"https:\/\/www.farmaindustria.es\/adherencia\/wp-json\/wp\/v2\/users\/1"}],"replies":[{"embeddable":true,"href":"https:\/\/www.farmaindustria.es\/adherencia\/wp-json\/wp\/v2\/comments?post=84"}],"version-history":[{"count":3,"href":"https:\/\/www.farmaindustria.es\/adherencia\/wp-json\/wp\/v2\/pages\/84\/revisions"}],"predecessor-version":[{"id":99,"href":"https:\/\/www.farmaindustria.es\/adherencia\/wp-json\/wp\/v2\/pages\/84\/revisions\/99"}],"wp:attachment":[{"href":"https:\/\/www.farmaindustria.es\/adherencia\/wp-json\/wp\/v2\/media?parent=84"}],"curies":[{"name":"wp","href":"https:\/\/api.w.org\/{rel}","templated":true}]}}