{"version":"1.0","provider_name":"FarmaIndustria","provider_url":"https:\/\/www.farmaindustria.es\/web","title":"Carabela de Oro del Colegio de Farmac\u00e9uticos de Huelva - FarmaIndustria","type":"rich","width":600,"height":338,"html":"<blockquote class=\"wp-embedded-content\" data-secret=\"F1rLvixYHl\"><a href=\"https:\/\/www.farmaindustria.es\/web\/otra-noticia\/carabela-oro-del-colegio-farmaceuticos-huelva\/\">Carabela de Oro del Colegio de Farmac\u00e9uticos de Huelva<\/a><\/blockquote><iframe sandbox=\"allow-scripts\" security=\"restricted\" src=\"https:\/\/www.farmaindustria.es\/web\/otra-noticia\/carabela-oro-del-colegio-farmaceuticos-huelva\/embed\/#?secret=F1rLvixYHl\" width=\"600\" height=\"338\" title=\"\u00abCarabela de Oro del Colegio de Farmac\u00e9uticos de Huelva\u00bb \u2014 FarmaIndustria\" data-secret=\"F1rLvixYHl\" frameborder=\"0\" marginwidth=\"0\" marginheight=\"0\" scrolling=\"no\" class=\"wp-embedded-content\"><\/iframe><script type=\"text\/javascript\">\n\/* <![CDATA[ *\/\n\/*! This file is auto-generated *\/\n!function(d,l){\"use strict\";l.querySelector&&d.addEventListener&&\"undefined\"!=typeof URL&&(d.wp=d.wp||{},d.wp.receiveEmbedMessage||(d.wp.receiveEmbedMessage=function(e){var t=e.data;if((t||t.secret||t.message||t.value)&&!\/[^a-zA-Z0-9]\/.test(t.secret)){for(var s,r,n,a=l.querySelectorAll('iframe[data-secret=\"'+t.secret+'\"]'),o=l.querySelectorAll('blockquote[data-secret=\"'+t.secret+'\"]'),c=new RegExp(\"^https?:$\",\"i\"),i=0;i<o.length;i++)o[i].style.display=\"none\";for(i=0;i<a.length;i++)s=a[i],e.source===s.contentWindow&&(s.removeAttribute(\"style\"),\"height\"===t.message?(1e3<(r=parseInt(t.value,10))?r=1e3:~~r<200&&(r=200),s.height=r):\"link\"===t.message&&(r=new URL(s.getAttribute(\"src\")),n=new URL(t.value),c.test(n.protocol))&&n.host===r.host&&l.activeElement===s&&(d.top.location.href=t.value))}},d.addEventListener(\"message\",d.wp.receiveEmbedMessage,!1),l.addEventListener(\"DOMContentLoaded\",function(){for(var e,t,s=l.querySelectorAll(\"iframe.wp-embedded-content\"),r=0;r<s.length;r++)(t=(e=s[r]).getAttribute(\"data-secret\"))||(t=Math.random().toString(36).substring(2,12),e.src+=\"#?secret=\"+t,e.setAttribute(\"data-secret\",t)),e.contentWindow.postMessage({message:\"ready\",secret:t},\"*\")},!1)))}(window,document);\n\/\/# sourceURL=https:\/\/www.farmaindustria.es\/web\/wp-includes\/js\/wp-embed.min.js\n\/* ]]> *\/\n<\/script>\n","thumbnail_url":"https:\/\/www.farmaindustria.es\/web\/wp-content\/uploads\/sites\/2\/2016\/11\/IMG_0264.jpg","thumbnail_width":1600,"thumbnail_height":900,"description":"El director de Comunicaci\u00f3n de Farmaindustria, Francisco J. Fern\u00e1ndez, ha recibido la Carabela La Pinta de Oro, la m\u00e1xima distinci\u00f3n que otorga el Colegio Oficial de Farmac\u00e9uticos de Huelva, en un acto colegial con motivo de la celebraci\u00f3n de la Inmaculada, patrona de los farmac\u00e9uticos. La Carabela de los farmac\u00e9uticos onubenses reconoce la labor de &hellip;"}