{"id":11578,"date":"2020-06-23T10:19:29","date_gmt":"2020-06-23T08:19:29","guid":{"rendered":"https:\/\/www.farmaindustria.es\/web\/wp-content\/uploads\/sites\/2\/2020\/06\/ponentes-webinar-eecc-y-covid-1.jpg"},"modified":"2020-06-23T10:19:29","modified_gmt":"2020-06-23T08:19:29","slug":"ponentes-webinar-eecc-y-covid-1","status":"inherit","type":"attachment","link":"https:\/\/www.farmaindustria.es\/web\/prensa\/notas-de-prensa\/2020\/06\/23\/la-experiencia-de-la-covid-19-impulsa-aun-mas-a-espana-hacia-la-excelencia-en-ensayos-clinicos\/ponentes-webinar-eecc-y-covid-1\/","title":{"rendered":"ponentes webinar eecc y covid (1)"},"author":18,"featured_media":0,"comment_status":"open","ping_status":"closed","template":"","meta":{"_acf_changed":false},"class_list":["post-11578","attachment","type-attachment","status-inherit","hentry"],"acf":[],"yoast_head":"<!-- This site is optimized with the Yoast SEO plugin v27.4 - https:\/\/yoast.com\/product\/yoast-seo-wordpress\/ -->\n<title>ponentes webinar eecc y covid (1) - FarmaIndustria<\/title>\n<meta name=\"robots\" content=\"index, follow, max-snippet:-1, max-image-preview:large, max-video-preview:-1\" \/>\n<link rel=\"canonical\" href=\"https:\/\/www.farmaindustria.es\/web\/wp-content\/uploads\/sites\/2\/2020\/06\/ponentes-webinar-eecc-y-covid-1.jpg\" \/>\n<meta property=\"og:locale\" content=\"es_ES\" \/>\n<meta property=\"og:type\" content=\"article\" \/>\n<meta property=\"og:title\" content=\"ponentes webinar eecc y covid (1) - FarmaIndustria\" \/>\n<meta property=\"og:url\" content=\"https:\/\/www.farmaindustria.es\/web\/wp-content\/uploads\/sites\/2\/2020\/06\/ponentes-webinar-eecc-y-covid-1.jpg\" \/>\n<meta property=\"og:site_name\" content=\"FarmaIndustria\" \/>\n<meta property=\"article:publisher\" content=\"https:\/\/www.facebook.com\/pages\/Farmaindustria\/730634013647836?ref=hl\" \/>\n<meta property=\"og:image\" content=\"https:\/\/www.farmaindustria.es\/web\/wp-content\/uploads\/sites\/2\/2020\/06\/ponentes-webinar-eecc-y-covid-1.jpg\" \/>\n\t<meta property=\"og:image:width\" content=\"835\" \/>\n\t<meta property=\"og:image:height\" content=\"480\" \/>\n\t<meta property=\"og:image:type\" content=\"image\/jpeg\" \/>\n<meta name=\"twitter:card\" content=\"summary_large_image\" \/>\n<meta name=\"twitter:site\" content=\"@FarmaIndustria\" \/>\n<script type=\"application\/ld+json\" class=\"yoast-schema-graph\">{\"@context\":\"https:\\\/\\\/schema.org\",\"@graph\":[{\"@type\":\"WebPage\",\"@id\":\"https:\\\/\\\/www.farmaindustria.es\\\/web\\\/wp-content\\\/uploads\\\/sites\\\/2\\\/2020\\\/06\\\/ponentes-webinar-eecc-y-covid-1.jpg\",\"url\":\"https:\\\/\\\/www.farmaindustria.es\\\/web\\\/wp-content\\\/uploads\\\/sites\\\/2\\\/2020\\\/06\\\/ponentes-webinar-eecc-y-covid-1.jpg\",\"name\":\"ponentes webinar eecc y covid (1) - FarmaIndustria\",\"isPartOf\":{\"@id\":\"https:\\\/\\\/www.farmaindustria.es\\\/web\\\/#website\"},\"datePublished\":\"2020-06-23T08:19:29+00:00\",\"breadcrumb\":{\"@id\":\"https:\\\/\\\/www.farmaindustria.es\\\/web\\\/wp-content\\\/uploads\\\/sites\\\/2\\\/2020\\\/06\\\/ponentes-webinar-eecc-y-covid-1.jpg#breadcrumb\"},\"inLanguage\":\"es\",\"potentialAction\":[{\"@type\":\"ReadAction\",\"target\":[\"https:\\\/\\\/www.farmaindustria.es\\\/web\\\/wp-content\\\/uploads\\\/sites\\\/2\\\/2020\\\/06\\\/ponentes-webinar-eecc-y-covid-1.jpg\"]}]},{\"@type\":\"BreadcrumbList\",\"@id\":\"https:\\\/\\\/www.farmaindustria.es\\\/web\\\/wp-content\\\/uploads\\\/sites\\\/2\\\/2020\\\/06\\\/ponentes-webinar-eecc-y-covid-1.jpg#breadcrumb\",\"itemListElement\":[{\"@type\":\"ListItem\",\"position\":1,\"name\":\"Portada\",\"item\":\"https:\\\/\\\/www.farmaindustria.es\\\/web\\\/\"},{\"@type\":\"ListItem\",\"position\":2,\"name\":\"La experiencia de la Covid-19 impulsa a\u00fan m\u00e1s a Espa\u00f1a hacia la excelencia en ensayos cl\u00ednicos\",\"item\":\"https:\\\/\\\/www.farmaindustria.es\\\/web\\\/prensa\\\/notas-de-prensa\\\/2020\\\/06\\\/23\\\/la-experiencia-de-la-covid-19-impulsa-aun-mas-a-espana-hacia-la-excelencia-en-ensayos-clinicos\\\/\"},{\"@type\":\"ListItem\",\"position\":3,\"name\":\"ponentes webinar eecc y covid (1)\"}]},{\"@type\":\"WebSite\",\"@id\":\"https:\\\/\\\/www.farmaindustria.es\\\/web\\\/#website\",\"url\":\"https:\\\/\\\/www.farmaindustria.es\\\/web\\\/\",\"name\":\"FarmaIndustria\",\"description\":\"\",\"potentialAction\":[{\"@type\":\"SearchAction\",\"target\":{\"@type\":\"EntryPoint\",\"urlTemplate\":\"https:\\\/\\\/www.farmaindustria.es\\\/web\\\/?s={search_term_string}\"},\"query-input\":{\"@type\":\"PropertyValueSpecification\",\"valueRequired\":true,\"valueName\":\"search_term_string\"}}],\"inLanguage\":\"es\"}]}<\/script>\n<!-- \/ Yoast SEO plugin. -->","yoast_head_json":{"title":"ponentes webinar eecc y covid (1) - FarmaIndustria","robots":{"index":"index","follow":"follow","max-snippet":"max-snippet:-1","max-image-preview":"max-image-preview:large","max-video-preview":"max-video-preview:-1"},"canonical":"https:\/\/www.farmaindustria.es\/web\/wp-content\/uploads\/sites\/2\/2020\/06\/ponentes-webinar-eecc-y-covid-1.jpg","og_locale":"es_ES","og_type":"article","og_title":"ponentes webinar eecc y covid (1) - FarmaIndustria","og_url":"https:\/\/www.farmaindustria.es\/web\/wp-content\/uploads\/sites\/2\/2020\/06\/ponentes-webinar-eecc-y-covid-1.jpg","og_site_name":"FarmaIndustria","article_publisher":"https:\/\/www.facebook.com\/pages\/Farmaindustria\/730634013647836?ref=hl","og_image":[{"width":835,"height":480,"url":"https:\/\/www.farmaindustria.es\/web\/wp-content\/uploads\/sites\/2\/2020\/06\/ponentes-webinar-eecc-y-covid-1.jpg","type":"image\/jpeg"}],"twitter_card":"summary_large_image","twitter_site":"@FarmaIndustria","schema":{"@context":"https:\/\/schema.org","@graph":[{"@type":"WebPage","@id":"https:\/\/www.farmaindustria.es\/web\/wp-content\/uploads\/sites\/2\/2020\/06\/ponentes-webinar-eecc-y-covid-1.jpg","url":"https:\/\/www.farmaindustria.es\/web\/wp-content\/uploads\/sites\/2\/2020\/06\/ponentes-webinar-eecc-y-covid-1.jpg","name":"ponentes webinar eecc y covid (1) - FarmaIndustria","isPartOf":{"@id":"https:\/\/www.farmaindustria.es\/web\/#website"},"datePublished":"2020-06-23T08:19:29+00:00","breadcrumb":{"@id":"https:\/\/www.farmaindustria.es\/web\/wp-content\/uploads\/sites\/2\/2020\/06\/ponentes-webinar-eecc-y-covid-1.jpg#breadcrumb"},"inLanguage":"es","potentialAction":[{"@type":"ReadAction","target":["https:\/\/www.farmaindustria.es\/web\/wp-content\/uploads\/sites\/2\/2020\/06\/ponentes-webinar-eecc-y-covid-1.jpg"]}]},{"@type":"BreadcrumbList","@id":"https:\/\/www.farmaindustria.es\/web\/wp-content\/uploads\/sites\/2\/2020\/06\/ponentes-webinar-eecc-y-covid-1.jpg#breadcrumb","itemListElement":[{"@type":"ListItem","position":1,"name":"Portada","item":"https:\/\/www.farmaindustria.es\/web\/"},{"@type":"ListItem","position":2,"name":"La experiencia de la Covid-19 impulsa a\u00fan m\u00e1s a Espa\u00f1a hacia la excelencia en ensayos cl\u00ednicos","item":"https:\/\/www.farmaindustria.es\/web\/prensa\/notas-de-prensa\/2020\/06\/23\/la-experiencia-de-la-covid-19-impulsa-aun-mas-a-espana-hacia-la-excelencia-en-ensayos-clinicos\/"},{"@type":"ListItem","position":3,"name":"ponentes webinar eecc y covid (1)"}]},{"@type":"WebSite","@id":"https:\/\/www.farmaindustria.es\/web\/#website","url":"https:\/\/www.farmaindustria.es\/web\/","name":"FarmaIndustria","description":"","potentialAction":[{"@type":"SearchAction","target":{"@type":"EntryPoint","urlTemplate":"https:\/\/www.farmaindustria.es\/web\/?s={search_term_string}"},"query-input":{"@type":"PropertyValueSpecification","valueRequired":true,"valueName":"search_term_string"}}],"inLanguage":"es"}]}},"description":{"rendered":"<p class=\"attachment\"><a href='https:\/\/www.farmaindustria.es\/web\/wp-content\/uploads\/sites\/2\/2020\/06\/ponentes-webinar-eecc-y-covid-1.jpg'><img loading=\"lazy\" decoding=\"async\" width=\"300\" height=\"172\" src=\"https:\/\/www.farmaindustria.es\/web\/wp-content\/uploads\/sites\/2\/2020\/06\/ponentes-webinar-eecc-y-covid-1-300x172.jpg\" class=\"attachment-medium size-medium\" alt=\"\" srcset=\"https:\/\/www.farmaindustria.es\/web\/wp-content\/uploads\/sites\/2\/2020\/06\/ponentes-webinar-eecc-y-covid-1-300x172.jpg 300w, https:\/\/www.farmaindustria.es\/web\/wp-content\/uploads\/sites\/2\/2020\/06\/ponentes-webinar-eecc-y-covid-1-768x441.jpg 768w, https:\/\/www.farmaindustria.es\/web\/wp-content\/uploads\/sites\/2\/2020\/06\/ponentes-webinar-eecc-y-covid-1-313x180.jpg 313w, https:\/\/www.farmaindustria.es\/web\/wp-content\/uploads\/sites\/2\/2020\/06\/ponentes-webinar-eecc-y-covid-1-190x109.jpg 190w, https:\/\/www.farmaindustria.es\/web\/wp-content\/uploads\/sites\/2\/2020\/06\/ponentes-webinar-eecc-y-covid-1-306x175.jpg 306w, https:\/\/www.farmaindustria.es\/web\/wp-content\/uploads\/sites\/2\/2020\/06\/ponentes-webinar-eecc-y-covid-1-764x436.jpg 764w, https:\/\/www.farmaindustria.es\/web\/wp-content\/uploads\/sites\/2\/2020\/06\/ponentes-webinar-eecc-y-covid-1-50x29.jpg 50w, https:\/\/www.farmaindustria.es\/web\/wp-content\/uploads\/sites\/2\/2020\/06\/ponentes-webinar-eecc-y-covid-1.jpg 835w\" sizes=\"auto, (max-width: 300px) 100vw, 300px\" \/><\/a><\/p>\n"},"caption":{"rendered":""},"alt_text":"","media_type":"image","mime_type":"image\/jpeg","media_details":{"width":835,"height":480,"file":"2020\/06\/ponentes-webinar-eecc-y-covid-1.jpg","sizes":{"medium":{"file":"ponentes-webinar-eecc-y-covid-1-300x172.jpg","width":300,"height":172,"mime_type":"image\/jpeg","source_url":"https:\/\/www.farmaindustria.es\/web\/wp-content\/uploads\/sites\/2\/2020\/06\/ponentes-webinar-eecc-y-covid-1-300x172.jpg"},"thumbnail":{"file":"ponentes-webinar-eecc-y-covid-1-150x150.jpg","width":150,"height":150,"mime_type":"image\/jpeg","source_url":"https:\/\/www.farmaindustria.es\/web\/wp-content\/uploads\/sites\/2\/2020\/06\/ponentes-webinar-eecc-y-covid-1-150x150.jpg"},"medium_large":{"file":"ponentes-webinar-eecc-y-covid-1-768x441.jpg","width":768,"height":441,"mime_type":"image\/jpeg","source_url":"https:\/\/www.farmaindustria.es\/web\/wp-content\/uploads\/sites\/2\/2020\/06\/ponentes-webinar-eecc-y-covid-1-768x441.jpg"},"preview_16by9":{"file":"ponentes-webinar-eecc-y-covid-1-313x180.jpg","width":313,"height":180,"mime_type":"image\/jpeg","source_url":"https:\/\/www.farmaindustria.es\/web\/wp-content\/uploads\/sites\/2\/2020\/06\/ponentes-webinar-eecc-y-covid-1-313x180.jpg"},"preview_4by3":{"file":"ponentes-webinar-eecc-y-covid-1-190x109.jpg","width":190,"height":109,"mime_type":"image\/jpeg","source_url":"https:\/\/www.farmaindustria.es\/web\/wp-content\/uploads\/sites\/2\/2020\/06\/ponentes-webinar-eecc-y-covid-1-190x109.jpg"},"portada-breve":{"file":"ponentes-webinar-eecc-y-covid-1-768x480.jpg","width":768,"height":480,"mime_type":"image\/jpeg","source_url":"https:\/\/www.farmaindustria.es\/web\/wp-content\/uploads\/sites\/2\/2020\/06\/ponentes-webinar-eecc-y-covid-1-768x480.jpg"},"portada-video":{"file":"ponentes-webinar-eecc-y-covid-1-768x480.jpg","width":768,"height":480,"mime_type":"image\/jpeg","source_url":"https:\/\/www.farmaindustria.es\/web\/wp-content\/uploads\/sites\/2\/2020\/06\/ponentes-webinar-eecc-y-covid-1-768x480.jpg"},"area-sdb":{"file":"ponentes-webinar-eecc-y-covid-1-38x38.jpg","width":38,"height":38,"mime_type":"image\/jpeg","source_url":"https:\/\/www.farmaindustria.es\/web\/wp-content\/uploads\/sites\/2\/2020\/06\/ponentes-webinar-eecc-y-covid-1-38x38.jpg"},"post-list":{"file":"ponentes-webinar-eecc-y-covid-1-306x175.jpg","width":306,"height":175,"mime_type":"image\/jpeg","source_url":"https:\/\/www.farmaindustria.es\/web\/wp-content\/uploads\/sites\/2\/2020\/06\/ponentes-webinar-eecc-y-covid-1-306x175.jpg"},"persona-list":{"file":"ponentes-webinar-eecc-y-covid-1-252x270.jpg","width":252,"height":270,"mime_type":"image\/jpeg","source_url":"https:\/\/www.farmaindustria.es\/web\/wp-content\/uploads\/sites\/2\/2020\/06\/ponentes-webinar-eecc-y-covid-1-252x270.jpg"},"persona-sticky":{"file":"ponentes-webinar-eecc-y-covid-1-322x346.jpg","width":322,"height":346,"mime_type":"image\/jpeg","source_url":"https:\/\/www.farmaindustria.es\/web\/wp-content\/uploads\/sites\/2\/2020\/06\/ponentes-webinar-eecc-y-covid-1-322x346.jpg"},"persona-presidente":{"file":"ponentes-webinar-eecc-y-covid-1-246x152.jpg","width":246,"height":152,"mime_type":"image\/jpeg","source_url":"https:\/\/www.farmaindustria.es\/web\/wp-content\/uploads\/sites\/2\/2020\/06\/ponentes-webinar-eecc-y-covid-1-246x152.jpg"},"persona-widget":{"file":"ponentes-webinar-eecc-y-covid-1-294x360.jpg","width":294,"height":360,"mime_type":"image\/jpeg","source_url":"https:\/\/www.farmaindustria.es\/web\/wp-content\/uploads\/sites\/2\/2020\/06\/ponentes-webinar-eecc-y-covid-1-294x360.jpg"},"indicador-sdb":{"file":"ponentes-webinar-eecc-y-covid-1-226x168.jpg","width":226,"height":168,"mime_type":"image\/jpeg","source_url":"https:\/\/www.farmaindustria.es\/web\/wp-content\/uploads\/sites\/2\/2020\/06\/ponentes-webinar-eecc-y-covid-1-226x168.jpg"},"foto-list":{"file":"ponentes-webinar-eecc-y-covid-1-764x436.jpg","width":764,"height":436,"mime_type":"image\/jpeg","source_url":"https:\/\/www.farmaindustria.es\/web\/wp-content\/uploads\/sites\/2\/2020\/06\/ponentes-webinar-eecc-y-covid-1-764x436.jpg"},"foto-single":{"file":"ponentes-webinar-eecc-y-covid-1-714x390.jpg","width":714,"height":390,"mime_type":"image\/jpeg","source_url":"https:\/\/www.farmaindustria.es\/web\/wp-content\/uploads\/sites\/2\/2020\/06\/ponentes-webinar-eecc-y-covid-1-714x390.jpg"},"video-list":{"file":"ponentes-webinar-eecc-y-covid-1-764x436.jpg","width":764,"height":436,"mime_type":"image\/jpeg","source_url":"https:\/\/www.farmaindustria.es\/web\/wp-content\/uploads\/sites\/2\/2020\/06\/ponentes-webinar-eecc-y-covid-1-764x436.jpg"},"video-single":{"file":"ponentes-webinar-eecc-y-covid-1-714x390.jpg","width":714,"height":390,"mime_type":"image\/jpeg","source_url":"https:\/\/www.farmaindustria.es\/web\/wp-content\/uploads\/sites\/2\/2020\/06\/ponentes-webinar-eecc-y-covid-1-714x390.jpg"},"creatividad-list":{"file":"ponentes-webinar-eecc-y-covid-1-764x436.jpg","width":764,"height":436,"mime_type":"image\/jpeg","source_url":"https:\/\/www.farmaindustria.es\/web\/wp-content\/uploads\/sites\/2\/2020\/06\/ponentes-webinar-eecc-y-covid-1-764x436.jpg"},"creatividad-single":{"file":"ponentes-webinar-eecc-y-covid-1-714x390.jpg","width":714,"height":390,"mime_type":"image\/jpeg","source_url":"https:\/\/www.farmaindustria.es\/web\/wp-content\/uploads\/sites\/2\/2020\/06\/ponentes-webinar-eecc-y-covid-1-714x390.jpg"},"doc_portada":{"file":"ponentes-webinar-eecc-y-covid-1-132x186.jpg","width":132,"height":186,"mime_type":"image\/jpeg","source_url":"https:\/\/www.farmaindustria.es\/web\/wp-content\/uploads\/sites\/2\/2020\/06\/ponentes-webinar-eecc-y-covid-1-132x186.jpg"},"enlace-50x50":{"file":"ponentes-webinar-eecc-y-covid-1-50x29.jpg","width":50,"height":29,"mime_type":"image\/jpeg","source_url":"https:\/\/www.farmaindustria.es\/web\/wp-content\/uploads\/sites\/2\/2020\/06\/ponentes-webinar-eecc-y-covid-1-50x29.jpg"},"destacado-50x50":{"file":"ponentes-webinar-eecc-y-covid-1-50x29.jpg","width":50,"height":29,"mime_type":"image\/jpeg","source_url":"https:\/\/www.farmaindustria.es\/web\/wp-content\/uploads\/sites\/2\/2020\/06\/ponentes-webinar-eecc-y-covid-1-50x29.jpg"},"destacado-193x122":{"file":"ponentes-webinar-eecc-y-covid-1-193x122.jpg","width":193,"height":122,"mime_type":"image\/jpeg","source_url":"https:\/\/www.farmaindustria.es\/web\/wp-content\/uploads\/sites\/2\/2020\/06\/ponentes-webinar-eecc-y-covid-1-193x122.jpg"},"infografia-sdb":{"file":"ponentes-webinar-eecc-y-covid-1-226x168.jpg","width":226,"height":168,"mime_type":"image\/jpeg","source_url":"https:\/\/www.farmaindustria.es\/web\/wp-content\/uploads\/sites\/2\/2020\/06\/ponentes-webinar-eecc-y-covid-1-226x168.jpg"},"slider-single":{"file":"ponentes-webinar-eecc-y-covid-1-835x478.jpg","width":835,"height":478,"mime_type":"image\/jpeg","source_url":"https:\/\/www.farmaindustria.es\/web\/wp-content\/uploads\/sites\/2\/2020\/06\/ponentes-webinar-eecc-y-covid-1-835x478.jpg"},"newsletter-01":{"file":"ponentes-webinar-eecc-y-covid-1-650x280.jpg","width":650,"height":280,"mime_type":"image\/jpeg","source_url":"https:\/\/www.farmaindustria.es\/web\/wp-content\/uploads\/sites\/2\/2020\/06\/ponentes-webinar-eecc-y-covid-1-650x280.jpg"},"newsletter-02":{"file":"ponentes-webinar-eecc-y-covid-1-625x200.jpg","width":625,"height":200,"mime_type":"image\/jpeg","source_url":"https:\/\/www.farmaindustria.es\/web\/wp-content\/uploads\/sites\/2\/2020\/06\/ponentes-webinar-eecc-y-covid-1-625x200.jpg"},"newsletter-03":{"file":"ponentes-webinar-eecc-y-covid-1-302x186.jpg","width":302,"height":186,"mime_type":"image\/jpeg","source_url":"https:\/\/www.farmaindustria.es\/web\/wp-content\/uploads\/sites\/2\/2020\/06\/ponentes-webinar-eecc-y-covid-1-302x186.jpg"},"newsletter-list":{"file":"ponentes-webinar-eecc-y-covid-1-360x294.jpg","width":360,"height":294,"mime_type":"image\/jpeg","source_url":"https:\/\/www.farmaindustria.es\/web\/wp-content\/uploads\/sites\/2\/2020\/06\/ponentes-webinar-eecc-y-covid-1-360x294.jpg"},"full":{"file":"ponentes-webinar-eecc-y-covid-1.jpg","width":835,"height":480,"mime_type":"image\/jpeg","source_url":"https:\/\/www.farmaindustria.es\/web\/wp-content\/uploads\/sites\/2\/2020\/06\/ponentes-webinar-eecc-y-covid-1.jpg"}},"image_meta":{"aperture":"0","credit":"","camera":"","caption":"","created_timestamp":"0","copyright":"","focal_length":"0","iso":"0","shutter_speed":"0","title":"","orientation":"0","keywords":[]}},"post":11570,"source_url":"https:\/\/www.farmaindustria.es\/web\/wp-content\/uploads\/sites\/2\/2020\/06\/ponentes-webinar-eecc-y-covid-1.jpg","_links":{"self":[{"href":"https:\/\/www.farmaindustria.es\/web\/wp-json\/wp\/v2\/media\/11578","targetHints":{"allow":["GET"]}}],"collection":[{"href":"https:\/\/www.farmaindustria.es\/web\/wp-json\/wp\/v2\/media"}],"about":[{"href":"https:\/\/www.farmaindustria.es\/web\/wp-json\/wp\/v2\/types\/attachment"}],"author":[{"embeddable":true,"href":"https:\/\/www.farmaindustria.es\/web\/wp-json\/wp\/v2\/users\/18"}],"replies":[{"embeddable":true,"href":"https:\/\/www.farmaindustria.es\/web\/wp-json\/wp\/v2\/comments?post=11578"}],"wp:attached-to":[{"embeddable":true,"post_type":"post","id":11570,"href":"https:\/\/www.farmaindustria.es\/web\/wp-json\/wp\/v2\/posts\/11570"}],"curies":[{"name":"wp","href":"https:\/\/api.w.org\/{rel}","templated":true}]}}